

{"id":12081,"date":"2024-06-12T09:38:28","date_gmt":"2024-06-12T13:38:28","guid":{"rendered":"https:\/\/fondationsanteoutaouais.ca\/sos-outaouais\/"},"modified":"2024-07-26T14:50:58","modified_gmt":"2024-07-26T18:50:58","slug":"sos-outaouais","status":"publish","type":"page","link":"https:\/\/fondationsanteoutaouais.ca\/en\/sos-outaouais\/","title":{"rendered":"SOS Outaouais"},"content":{"rendered":"\t\t<div data-elementor-type=\"wp-page\" data-elementor-id=\"12081\" class=\"elementor elementor-12081 elementor-12036\" data-elementor-post-type=\"page\">\n\t\t\t\t\t\t<section class=\"has_ae_slider elementor-section elementor-top-section elementor-element elementor-element-8df89bf elementor-section-full_width elementor-section-height-default elementor-section-height-default ae-bg-gallery-type-default\" data-id=\"8df89bf\" data-element_type=\"section\">\n\t\t\t\t\t\t<div class=\"elementor-container elementor-column-gap-no\">\n\t\t\t\t\t<div class=\"has_ae_slider elementor-column elementor-col-100 elementor-top-column elementor-element elementor-element-7d8ce41 ae-bg-gallery-type-default\" data-id=\"7d8ce41\" data-element_type=\"column\">\n\t\t\t<div class=\"elementor-widget-wrap elementor-element-populated\">\n\t\t\t\t\t\t<div class=\"elementor-element elementor-element-52e40f4 elementor-widget-divider--view-line elementor-widget elementor-widget-divider\" data-id=\"52e40f4\" data-element_type=\"widget\" data-widget_type=\"divider.default\">\n\t\t\t\t<div class=\"elementor-widget-container\">\n\t\t\t\t\t<div class=\"elementor-divider\">\n\t\t\t<span class=\"elementor-divider-separator\">\n\t\t\t\t\t\t<\/span>\n\t\t<\/div>\n\t\t\t\t<\/div>\n\t\t\t\t<\/div>\n\t\t\t\t\t<\/div>\n\t\t<\/div>\n\t\t\t\t\t<\/div>\n\t\t<\/section>\n\t\t\t\t<section class=\"has_ae_slider elementor-section elementor-top-section elementor-element elementor-element-2cef802 elementor-section-content-middle elementor-section-boxed elementor-section-height-default elementor-section-height-default ae-bg-gallery-type-default\" data-id=\"2cef802\" data-element_type=\"section\" data-settings=\"{&quot;background_background&quot;:&quot;classic&quot;}\">\n\t\t\t\t\t\t<div class=\"elementor-container elementor-column-gap-default\">\n\t\t\t\t\t<div class=\"has_ae_slider elementor-column elementor-col-50 elementor-top-column elementor-element elementor-element-d49b941 ae-bg-gallery-type-default\" data-id=\"d49b941\" data-element_type=\"column\">\n\t\t\t<div class=\"elementor-widget-wrap elementor-element-populated\">\n\t\t\t\t\t\t<div class=\"elementor-element elementor-element-5575348 gauche elementor-widget elementor-widget-image\" data-id=\"5575348\" data-element_type=\"widget\" data-widget_type=\"image.default\">\n\t\t\t\t<div class=\"elementor-widget-container\">\n\t\t\t\t\t\t\t\t\t\t\t\t\t<img fetchpriority=\"high\" decoding=\"async\" width=\"300\" height=\"279\" src=\"https:\/\/fondationsanteoutaouais.ca\/wp-content\/uploads\/2024\/05\/Loto-sante-corpo-2024-5-1-300x279.png\" class=\"attachment-medium size-medium wp-image-12060\" alt=\"\" srcset=\"https:\/\/fondationsanteoutaouais.ca\/wp-content\/uploads\/2024\/05\/Loto-sante-corpo-2024-5-1-300x279.png 300w, https:\/\/fondationsanteoutaouais.ca\/wp-content\/uploads\/2024\/05\/Loto-sante-corpo-2024-5-1-768x713.png 768w, https:\/\/fondationsanteoutaouais.ca\/wp-content\/uploads\/2024\/05\/Loto-sante-corpo-2024-5-1.png 800w\" sizes=\"(max-width: 300px) 100vw, 300px\" \/>\t\t\t\t\t\t\t\t\t\t\t\t\t<\/div>\n\t\t\t\t<\/div>\n\t\t\t\t<div class=\"elementor-element elementor-element-f6bd0ad droite elementor-widget elementor-widget-shortcode\" data-id=\"f6bd0ad\" data-element_type=\"widget\" data-widget_type=\"shortcode.default\">\n\t\t\t\t<div class=\"elementor-widget-container\">\n\t\t\t\t\t<div class=\"elementor-shortcode\"><b>Number of citizens and organizations having lent their voice :<br><span class=\"people_count\">1236<\/span><\/b><\/div>\n\t\t\t\t<\/div>\n\t\t\t\t<\/div>\n\t\t\t\t\t<\/div>\n\t\t<\/div>\n\t\t\t\t<div class=\"has_ae_slider elementor-column elementor-col-50 elementor-top-column elementor-element elementor-element-8ffad95 ae-bg-gallery-type-default\" data-id=\"8ffad95\" data-element_type=\"column\">\n\t\t\t<div class=\"elementor-widget-wrap elementor-element-populated\">\n\t\t\t\t\t\t<div class=\"elementor-element elementor-element-65a93f2 elementor-widget elementor-widget-heading\" data-id=\"65a93f2\" data-element_type=\"widget\" data-widget_type=\"heading.default\">\n\t\t\t\t<div class=\"elementor-widget-container\">\n\t\t\t<h2 class=\"elementor-heading-title elementor-size-default\">What it is:<\/h2>\t\t<\/div>\n\t\t\t\t<\/div>\n\t\t\t\t<div class=\"elementor-element elementor-element-a226e7d elementor-widget elementor-widget-text-editor\" data-id=\"a226e7d\" data-element_type=\"widget\" data-widget_type=\"text-editor.default\">\n\t\t\t\t<div class=\"elementor-widget-container\">\n\t\t\t\t\t\t\t<p>SOS Outaouais is a <strong>coalition of organizations and citizens from all sectors of the Outaouais<\/strong> who wish <strong>to speak with one voice,<\/strong> and who share deep <strong>concerns about the current state of the health and social services system<\/strong>. It also brings together the efforts of<strong> groups and individuals who have made public <\/strong>demands to date. <\/p>\n<p>The <strong>Gatineau Health Foundation<\/strong> is the coalition&#8217;s coordinator and spokesperson.<\/p>\n<p><strong>We need to act, together,<\/strong> with one voice!<\/p>\n<p><strong>The current situation is alarming<\/strong>, as evidenced by the following statistics:<\/p>\n<ul>\n<li>The Gatineau ER operates with less than 30% staff, and had to close for several months a few years ago due to staff shortages;<\/li>\n<li>The Hull ER operates with less than 50% staff;<\/li>\n<li>Gatineau&#8217;s operating room operates with 25% staff and Hull&#8217;s with 43%;<\/li>\n<li>Waiting times for elective surgery are the longest in the province;<\/li>\n<li>Access to laboratory tests is limited in all outlying ERs.<\/li>\n<\/ul>\n\t\t\t\t\t\t<\/div>\n\t\t\t\t<\/div>\n\t\t\t\t\t<\/div>\n\t\t<\/div>\n\t\t\t\t\t<\/div>\n\t\t<\/section>\n\t\t\t\t<section class=\"has_ae_slider elementor-section elementor-top-section elementor-element elementor-element-48cc6d9 elementor-section-boxed elementor-section-height-default elementor-section-height-default ae-bg-gallery-type-default\" data-id=\"48cc6d9\" data-element_type=\"section\" data-settings=\"{&quot;background_background&quot;:&quot;classic&quot;}\">\n\t\t\t\t\t\t<div class=\"elementor-container elementor-column-gap-default\">\n\t\t\t\t\t<div class=\"has_ae_slider elementor-column elementor-col-100 elementor-top-column elementor-element elementor-element-6efa25f ae-bg-gallery-type-default\" data-id=\"6efa25f\" data-element_type=\"column\">\n\t\t\t<div class=\"elementor-widget-wrap elementor-element-populated\">\n\t\t\t\t\t\t<div class=\"elementor-element elementor-element-5d33af5 full animated-fast elementor-widget__width-auto elementor-widget-mobile__width-inherit elementor-invisible elementor-widget elementor-widget-button\" data-id=\"5d33af5\" data-element_type=\"widget\" data-settings=\"{&quot;_animation&quot;:&quot;fadeIn&quot;}\" data-widget_type=\"button.default\">\n\t\t\t\t<div class=\"elementor-widget-container\">\n\t\t\t\t\t\t\t<div class=\"elementor-button-wrapper\">\n\t\t\t\t\t<a class=\"elementor-button elementor-button-link elementor-size-sm\" href=\"https:\/\/dons.fondationsantegatineau.ca\/SOSOUTAOUAIS\/?lng=0\" target=\"_blank\">\n\t\t\t\t\t\t<span class=\"elementor-button-content-wrapper\">\n\t\t\t\t\t\t<span class=\"elementor-button-icon\">\n\t\t\t\t<i aria-hidden=\"true\" class=\"fas fa-arrow-right\"><\/i>\t\t\t<\/span>\n\t\t\t\t\t\t\t\t\t<span class=\"elementor-button-text\">I lend my voice to the coalition :<\/span>\n\t\t\t\t\t<\/span>\n\t\t\t\t\t<\/a>\n\t\t\t\t<\/div>\n\t\t\t\t\t\t<\/div>\n\t\t\t\t<\/div>\n\t\t\t\t<div class=\"elementor-element elementor-element-1e918c8 full animated-fast elementor-widget__width-auto elementor-widget-mobile__width-inherit elementor-invisible elementor-widget elementor-widget-button\" data-id=\"1e918c8\" data-element_type=\"widget\" data-settings=\"{&quot;_animation&quot;:&quot;fadeIn&quot;}\" data-widget_type=\"button.default\">\n\t\t\t\t<div class=\"elementor-widget-container\">\n\t\t\t\t\t\t\t<div class=\"elementor-button-wrapper\">\n\t\t\t\t\t<a class=\"elementor-button elementor-button-link elementor-size-sm\" href=\"https:\/\/dons.fondationsantegatineau.ca\/DONSOSOUTAOUAIS\/?lng=0\" target=\"_blank\">\n\t\t\t\t\t\t<span class=\"elementor-button-content-wrapper\">\n\t\t\t\t\t\t<span class=\"elementor-button-icon\">\n\t\t\t\t<i aria-hidden=\"true\" class=\"fas fa-arrow-right\"><\/i>\t\t\t<\/span>\n\t\t\t\t\t\t\t\t\t<span class=\"elementor-button-text\">I lend my voice to the coalition and wish to make a donation :<\/span>\n\t\t\t\t\t<\/span>\n\t\t\t\t\t<\/a>\n\t\t\t\t<\/div>\n\t\t\t\t\t\t<\/div>\n\t\t\t\t<\/div>\n\t\t\t\t\t<\/div>\n\t\t<\/div>\n\t\t\t\t\t<\/div>\n\t\t<\/section>\n\t\t\t\t<section class=\"has_ae_slider elementor-section elementor-top-section elementor-element elementor-element-45ac8a0 elementor-section-boxed elementor-section-height-default elementor-section-height-default ae-bg-gallery-type-default\" data-id=\"45ac8a0\" data-element_type=\"section\" data-settings=\"{&quot;background_background&quot;:&quot;classic&quot;}\">\n\t\t\t\t\t\t<div class=\"elementor-container elementor-column-gap-default\">\n\t\t\t\t\t<div class=\"has_ae_slider elementor-column elementor-col-100 elementor-top-column elementor-element elementor-element-185a3c2 ae-bg-gallery-type-default\" data-id=\"185a3c2\" data-element_type=\"column\">\n\t\t\t<div class=\"elementor-widget-wrap elementor-element-populated\">\n\t\t\t\t\t\t<div class=\"elementor-element elementor-element-8e611ac elementor-widget elementor-widget-heading\" data-id=\"8e611ac\" data-element_type=\"widget\" data-widget_type=\"heading.default\">\n\t\t\t\t<div class=\"elementor-widget-container\">\n\t\t\t<h2 class=\"elementor-heading-title elementor-size-default\">Ongoing and future actions:<\/h2>\t\t<\/div>\n\t\t\t\t<\/div>\n\t\t\t\t<div class=\"elementor-element elementor-element-3681bdb elementor-widget elementor-widget-text-editor\" data-id=\"3681bdb\" data-element_type=\"widget\" data-widget_type=\"text-editor.default\">\n\t\t\t\t<div class=\"elementor-widget-container\">\n\t\t\t\t\t\t\t<p><strong>Currently, in the middle of the summer season, our goal is to create visibility and engage the community. We want to grow the movement, make it better known and inform the population about the situation and context in which the Outaouais health and social services system finds itself, by demonstrating the issues in concrete ways. The source, of course, of our 2 major demands..  <\/strong><\/p>\n<p><strong>This is not a sprint, but a marathon. First and foremost, we need to demonstrate to decision-makers that the population is committed! Hence the 5 different actions to take, which you&#8217;ll find below.  <\/strong><\/p>\n<p><strong>What we&#8217;re aiming for at the moment is strength in numbers, before we even set up and present to the public any major, more concrete actions, such as a rally, for example. Strength in numbers &#8230; that&#8217;s what we need to create first! A committed population, aware of the situation and willing to take action to change things.  <\/strong><\/p>\n<\/p>\n<ol>\n<li><b>Lend your voice <\/b>to the coalition via the buttons above;<\/li>\n<li><b>Take part in the consultation via the Cocoriko platform<\/b> by <a href=\"https:\/\/sos-outaouais.v3.cocoriko.org\/consultations\/lancement-de-la-coalition-sos-outaouais\">clicking here<b>.<\/b><\/a> You&#8217;ll be giving our community a real voice, and providing us with additional arguments about the real fears and opinions of the Outaouais population;<\/li>\n<li><b>Reserve your (free) lawn sign<\/b> <a href=\"mailto:sosoutaouais@fondationsantegatineau.ca\">by e-mail <\/a>and add weight to the movement while demonstrating the scale of your impact and commitment;<\/li>\n<li><strong>Share your story <\/strong>with us via the <a href=\"https:\/\/sos-outaouais.v3.cocoriko.org\/consultations\/nous-souhaitons-recueillir-votre-temoignage\">Cocoriko platform<\/a>! Do you have a testimonial to share, a story to tell? We want to hear it; <\/li>\n<li><strong>Subscribe<\/strong> to our <a href=\"https:\/\/www.facebook.com\/people\/SOS-Outaouais\/61560753835347\/\">Facebook<\/a>, <a href=\"https:\/\/www.instagram.com\/sosoutaouais\/\">Instagram<\/a> and <a href=\"https:\/\/www.linkedin.com\/company\/sos-outaouais\/about\/\">LinkedIn <\/a>pages so you don&#8217;t miss a thing, and, of course&#8230; spread the word! <\/li>\n<\/ol>\n\t\t\t\t\t\t<\/div>\n\t\t\t\t<\/div>\n\t\t\t\t<div class=\"elementor-element elementor-element-0e00f24 elementor-widget elementor-widget-heading\" data-id=\"0e00f24\" data-element_type=\"widget\" data-widget_type=\"heading.default\">\n\t\t\t\t<div class=\"elementor-widget-container\">\n\t\t\t<h2 class=\"elementor-heading-title elementor-size-default\">Our plea is as follows:<\/h2>\t\t<\/div>\n\t\t\t\t<\/div>\n\t\t\t\t<div class=\"elementor-element elementor-element-2117e6f elementor-widget elementor-widget-text-editor\" data-id=\"2117e6f\" data-element_type=\"widget\" data-widget_type=\"text-editor.default\">\n\t\t\t\t<div class=\"elementor-widget-container\">\n\t\t\t\t\t\t\t<h3><strong>Statement 1 :<\/strong><\/h3>\n<p>We, the members of the SOS Outaouais coalition, call on the Quebec National Assembly to <span style=\"color: var( --e-global-color-primary ); font-size: inherit; font-family: -apple-system, BlinkMacSystemFont, 'Segoe UI', system-ui, 'Apple Color Emoji', 'Segoe UI Emoji', 'Segoe UI Web', sans-serif; white-space-collapse: preserve; background-color: var( --e-global-color-1dba3c3 );\">correct the historic disparities in health and social services for the Outaouais, in addition <\/span><span style=\"background-color: var( --e-global-color-1dba3c3 ); color: var( --e-global-color-primary ); font-size: 1rem;\"> to honoring its recognition of our region with its significant particularities, formulated on October 30, 2019. Despite this recognition, the situation continues to deteriorate, jeopardizing equitable access to healthcare for our citizens. The coalition affirms that Outaouais citizens have a fundamental right to access the same care available elsewhere in the province. Significant funding shortfalls and human resources challenges are severely hampering our ability to offer services comparable to those in other regions of Quebec. We are currently $448.54* per capita, or approximately $181 million per year*, short of the provincial average in per capita spending on health and social services programs.<\/span><\/p>\n<p>* Source <em>: B\u00e9gin, Alexandre (2024). L\u2019Outaouais en mode rattrapage : suivi des progr\u00e8s de la r\u00e9gion en sant\u00e9, \u00e9ducation et culture. March 2024, Observatoire du d\u00e9veloppement de l\u2019Outaouais. <a href=\"https:\/\/odooutaouais.ca\/wp-content\/uploads\/2024\/05\/LOutaouais-en-mode-rattrapage-2024.pdf\">2024-L\u2019Outaouais en mode rattrapage (odooutaouais.ca)<\/a><\/em><\/p>\n<h3><strong>Statement 2 :<\/strong><\/h3>\n<p>The SOS Outaouais coalition urges the Quebec National Assembly to take immediate action to improve health care and social services in our region. Our border location with Ontario attracts many Outaouais workers and professionals to work there because of the more attractive salaries. To remedy these disparities and prevent the implosion of the Outaouais healthcare system, we are calling for the implementation of permanent and sustainable measures, including differentiated compensation for health and social services workers and professionals in our region. It&#8217;s crucial that the government take these actions to guarantee equitable access to healthcare for all Outaouais residents.<\/p>\n\t\t\t\t\t\t<\/div>\n\t\t\t\t<\/div>\n\t\t\t\t<div class=\"elementor-element elementor-element-6af1498 elementor-widget elementor-widget-heading\" data-id=\"6af1498\" data-element_type=\"widget\" data-widget_type=\"heading.default\">\n\t\t\t\t<div class=\"elementor-widget-container\">\n\t\t\t<h2 class=\"elementor-heading-title elementor-size-default\">Support coalition partners' initiatives<\/h2>\t\t<\/div>\n\t\t\t\t<\/div>\n\t\t\t\t\t<\/div>\n\t\t<\/div>\n\t\t\t\t\t<\/div>\n\t\t<\/section>\n\t\t\t\t<section class=\"has_ae_slider elementor-section elementor-top-section elementor-element elementor-element-f5e9e9c elementor-section-boxed elementor-section-height-default elementor-section-height-default ae-bg-gallery-type-default\" data-id=\"f5e9e9c\" data-element_type=\"section\" data-settings=\"{&quot;background_background&quot;:&quot;classic&quot;}\">\n\t\t\t\t\t\t<div class=\"elementor-container elementor-column-gap-default\">\n\t\t\t\t\t<div class=\"has_ae_slider elementor-column elementor-col-66 elementor-top-column elementor-element elementor-element-58f5c7f ae-bg-gallery-type-default\" data-id=\"58f5c7f\" data-element_type=\"column\">\n\t\t\t<div class=\"elementor-widget-wrap elementor-element-populated\">\n\t\t\t\t\t\t<div class=\"elementor-element elementor-element-8ee960f elementor-widget elementor-widget-heading\" data-id=\"8ee960f\" data-element_type=\"widget\" data-widget_type=\"heading.default\">\n\t\t\t\t<div class=\"elementor-widget-container\">\n\t\t\t<h2 class=\"elementor-heading-title elementor-size-default\">Number of e-mails sent to the National Assembly requesting pay parity with Ontario, via SOS07<\/h2>\t\t<\/div>\n\t\t\t\t<\/div>\n\t\t\t\t<div class=\"elementor-element elementor-element-4c15917 bpp animated-fast elementor-widget__width-auto elementor-widget-mobile__width-inherit elementor-hidden-mobile elementor-invisible elementor-widget elementor-widget-button\" data-id=\"4c15917\" data-element_type=\"widget\" data-settings=\"{&quot;_animation&quot;:&quot;fadeIn&quot;}\" data-widget_type=\"button.default\">\n\t\t\t\t<div class=\"elementor-widget-container\">\n\t\t\t\t\t\t\t<div class=\"elementor-button-wrapper\">\n\t\t\t\t\t<a class=\"elementor-button elementor-button-link elementor-size-sm\" href=\"https:\/\/sos07.org\/\" target=\"_blank\">\n\t\t\t\t\t\t<span class=\"elementor-button-content-wrapper\">\n\t\t\t\t\t\t<span class=\"elementor-button-icon\">\n\t\t\t\t<i aria-hidden=\"true\" class=\"fas fa-arrow-right\"><\/i>\t\t\t<\/span>\n\t\t\t\t\t\t\t\t\t<span class=\"elementor-button-text\">I send the e-mail<\/span>\n\t\t\t\t\t<\/span>\n\t\t\t\t\t<\/a>\n\t\t\t\t<\/div>\n\t\t\t\t\t\t<\/div>\n\t\t\t\t<\/div>\n\t\t\t\t\t<\/div>\n\t\t<\/div>\n\t\t\t\t<div class=\"has_ae_slider elementor-column elementor-col-33 elementor-top-column elementor-element elementor-element-9d82374 ae-bg-gallery-type-default\" data-id=\"9d82374\" data-element_type=\"column\">\n\t\t\t<div class=\"elementor-widget-wrap elementor-element-populated\">\n\t\t\t\t\t\t<div class=\"elementor-element elementor-element-ec29f02 elementor-widget elementor-widget-text-editor\" data-id=\"ec29f02\" data-element_type=\"widget\" data-widget_type=\"text-editor.default\">\n\t\t\t\t<div class=\"elementor-widget-container\">\n\t\t\t\t\t\t\t<p>Number of e-mails sent :<\/p><p><strong>45 600<\/strong><\/p>\t\t\t\t\t\t<\/div>\n\t\t\t\t<\/div>\n\t\t\t\t<div class=\"elementor-element elementor-element-3337e2e bpp animated-fast elementor-widget__width-auto elementor-widget-mobile__width-inherit elementor-hidden-desktop elementor-hidden-tablet elementor-invisible elementor-widget elementor-widget-button\" data-id=\"3337e2e\" data-element_type=\"widget\" data-settings=\"{&quot;_animation&quot;:&quot;fadeIn&quot;}\" data-widget_type=\"button.default\">\n\t\t\t\t<div class=\"elementor-widget-container\">\n\t\t\t\t\t\t\t<div class=\"elementor-button-wrapper\">\n\t\t\t\t\t<a class=\"elementor-button elementor-button-link elementor-size-sm\" href=\"https:\/\/sos07.org\/\" target=\"_blank\">\n\t\t\t\t\t\t<span class=\"elementor-button-content-wrapper\">\n\t\t\t\t\t\t<span class=\"elementor-button-icon\">\n\t\t\t\t<i aria-hidden=\"true\" class=\"fas fa-arrow-right\"><\/i>\t\t\t<\/span>\n\t\t\t\t\t\t\t\t\t<span class=\"elementor-button-text\">I send the e-mail<\/span>\n\t\t\t\t\t<\/span>\n\t\t\t\t\t<\/a>\n\t\t\t\t<\/div>\n\t\t\t\t\t\t<\/div>\n\t\t\t\t<\/div>\n\t\t\t\t\t<\/div>\n\t\t<\/div>\n\t\t\t\t\t<\/div>\n\t\t<\/section>\n\t\t\t\t<section class=\"has_ae_slider elementor-section elementor-top-section elementor-element elementor-element-1e8f335 elementor-section-boxed elementor-section-height-default elementor-section-height-default ae-bg-gallery-type-default\" data-id=\"1e8f335\" data-element_type=\"section\" data-settings=\"{&quot;background_background&quot;:&quot;classic&quot;}\">\n\t\t\t\t\t\t<div class=\"elementor-container elementor-column-gap-default\">\n\t\t\t\t\t<div class=\"has_ae_slider elementor-column elementor-col-66 elementor-top-column elementor-element elementor-element-5abf94a ae-bg-gallery-type-default\" data-id=\"5abf94a\" data-element_type=\"column\">\n\t\t\t<div class=\"elementor-widget-wrap elementor-element-populated\">\n\t\t\t\t\t\t<div class=\"elementor-element elementor-element-61b1b04 elementor-widget elementor-widget-heading\" data-id=\"61b1b04\" data-element_type=\"widget\" data-widget_type=\"heading.default\">\n\t\t\t\t<div class=\"elementor-widget-container\">\n\t\t\t<h2 class=\"elementor-heading-title elementor-size-default\">Number of signatures on the change.org petition led by the council of physicians, dentists and pharmacists of the CISSS de l'Outaouais.<\/h2>\t\t<\/div>\n\t\t\t\t<\/div>\n\t\t\t\t<div class=\"elementor-element elementor-element-edf637a bpp animated-fast elementor-widget__width-auto elementor-widget-mobile__width-inherit elementor-hidden-mobile elementor-invisible elementor-widget elementor-widget-button\" data-id=\"edf637a\" data-element_type=\"widget\" data-settings=\"{&quot;_animation&quot;:&quot;fadeIn&quot;}\" data-widget_type=\"button.default\">\n\t\t\t\t<div class=\"elementor-widget-container\">\n\t\t\t\t\t\t\t<div class=\"elementor-button-wrapper\">\n\t\t\t\t\t<a class=\"elementor-button elementor-button-link elementor-size-sm\" href=\"https:\/\/www.change.org\/p\/sant%C3%A9-l-outaouais-en-a-assez-qu%C3%A9bec-doit-intervenir\" target=\"_blank\">\n\t\t\t\t\t\t<span class=\"elementor-button-content-wrapper\">\n\t\t\t\t\t\t<span class=\"elementor-button-icon\">\n\t\t\t\t<i aria-hidden=\"true\" class=\"fas fa-arrow-right\"><\/i>\t\t\t<\/span>\n\t\t\t\t\t\t\t\t\t<span class=\"elementor-button-text\">I sign the petition<\/span>\n\t\t\t\t\t<\/span>\n\t\t\t\t\t<\/a>\n\t\t\t\t<\/div>\n\t\t\t\t\t\t<\/div>\n\t\t\t\t<\/div>\n\t\t\t\t\t<\/div>\n\t\t<\/div>\n\t\t\t\t<div class=\"has_ae_slider elementor-column elementor-col-33 elementor-top-column elementor-element elementor-element-776f43f ae-bg-gallery-type-default\" data-id=\"776f43f\" data-element_type=\"column\">\n\t\t\t<div class=\"elementor-widget-wrap elementor-element-populated\">\n\t\t\t\t\t\t<div class=\"elementor-element elementor-element-1311df1 elementor-widget elementor-widget-text-editor\" data-id=\"1311df1\" data-element_type=\"widget\" data-widget_type=\"text-editor.default\">\n\t\t\t\t<div class=\"elementor-widget-container\">\n\t\t\t\t\t\t\t<p><strong class=\"left\">27,929<\/strong><strong class=\"right\"> 35 000<\/strong><\/p><div class=\"bar\"><div class=\"progress\">\u00a0<\/div><\/div><p>27,929 signatures out of the 35,000 required<\/p>\t\t\t\t\t\t<\/div>\n\t\t\t\t<\/div>\n\t\t\t\t<div class=\"elementor-element elementor-element-175ecbb bpp animated-fast elementor-widget__width-auto elementor-widget-mobile__width-inherit elementor-hidden-desktop elementor-hidden-tablet elementor-invisible elementor-widget elementor-widget-button\" data-id=\"175ecbb\" data-element_type=\"widget\" data-settings=\"{&quot;_animation&quot;:&quot;fadeIn&quot;}\" data-widget_type=\"button.default\">\n\t\t\t\t<div class=\"elementor-widget-container\">\n\t\t\t\t\t\t\t<div class=\"elementor-button-wrapper\">\n\t\t\t\t\t<a class=\"elementor-button elementor-button-link elementor-size-sm\" href=\"https:\/\/www.change.org\/p\/sant%C3%A9-l-outaouais-en-a-assez-qu%C3%A9bec-doit-intervenir\" target=\"_blank\">\n\t\t\t\t\t\t<span class=\"elementor-button-content-wrapper\">\n\t\t\t\t\t\t<span class=\"elementor-button-icon\">\n\t\t\t\t<i aria-hidden=\"true\" class=\"fas fa-arrow-right\"><\/i>\t\t\t<\/span>\n\t\t\t\t\t\t\t\t\t<span class=\"elementor-button-text\">I sign the petition<\/span>\n\t\t\t\t\t<\/span>\n\t\t\t\t\t<\/a>\n\t\t\t\t<\/div>\n\t\t\t\t\t\t<\/div>\n\t\t\t\t<\/div>\n\t\t\t\t\t<\/div>\n\t\t<\/div>\n\t\t\t\t\t<\/div>\n\t\t<\/section>\n\t\t\t\t<section class=\"has_ae_slider elementor-section elementor-top-section elementor-element elementor-element-46e229c elementor-section-boxed elementor-section-height-default elementor-section-height-default ae-bg-gallery-type-default\" data-id=\"46e229c\" data-element_type=\"section\" data-settings=\"{&quot;background_background&quot;:&quot;classic&quot;}\">\n\t\t\t\t\t\t<div class=\"elementor-container elementor-column-gap-default\">\n\t\t\t\t\t<div class=\"has_ae_slider elementor-column elementor-col-100 elementor-top-column elementor-element elementor-element-56a331d ae-bg-gallery-type-default\" data-id=\"56a331d\" data-element_type=\"column\">\n\t\t\t<div class=\"elementor-widget-wrap elementor-element-populated\">\n\t\t\t\t\t\t<div class=\"elementor-element elementor-element-ffcb840 elementor-widget elementor-widget-heading\" data-id=\"ffcb840\" data-element_type=\"widget\" data-widget_type=\"heading.default\">\n\t\t\t\t<div class=\"elementor-widget-container\">\n\t\t\t<h2 class=\"elementor-heading-title elementor-size-default\">Press review<\/h2>\t\t<\/div>\n\t\t\t\t<\/div>\n\t\t\t\t<div class=\"elementor-element elementor-element-725d4d2 elementor-widget elementor-widget-text-editor\" data-id=\"725d4d2\" data-element_type=\"widget\" data-widget_type=\"text-editor.default\">\n\t\t\t\t<div class=\"elementor-widget-container\">\n\t\t\t\t\t\t\t<p><a href=\"https:\/\/fondationsantegatineau.ca\/revue-de-presse-sos-outaouais\/\">Click here<\/a> to <strong>consult the press review<\/strong>.<\/p>\n\t\t\t\t\t\t<\/div>\n\t\t\t\t<\/div>\n\t\t\t\t\t<\/div>\n\t\t<\/div>\n\t\t\t\t\t<\/div>\n\t\t<\/section>\n\t\t\t\t<section class=\"has_ae_slider elementor-section elementor-top-section elementor-element elementor-element-f02acc3 elementor-section-boxed elementor-section-height-default elementor-section-height-default ae-bg-gallery-type-default\" data-id=\"f02acc3\" data-element_type=\"section\" data-settings=\"{&quot;background_background&quot;:&quot;classic&quot;}\">\n\t\t\t\t\t\t<div class=\"elementor-container elementor-column-gap-default\">\n\t\t\t\t\t<div class=\"has_ae_slider elementor-column elementor-col-100 elementor-top-column elementor-element elementor-element-d92efb5 ae-bg-gallery-type-default\" data-id=\"d92efb5\" data-element_type=\"column\">\n\t\t\t<div class=\"elementor-widget-wrap elementor-element-populated\">\n\t\t\t\t\t\t<div class=\"elementor-element elementor-element-17d04a7 full animated-fast elementor-widget__width-auto elementor-widget-mobile__width-inherit elementor-invisible elementor-widget elementor-widget-button\" data-id=\"17d04a7\" data-element_type=\"widget\" data-settings=\"{&quot;_animation&quot;:&quot;fadeIn&quot;}\" data-widget_type=\"button.default\">\n\t\t\t\t<div class=\"elementor-widget-container\">\n\t\t\t\t\t\t\t<div class=\"elementor-button-wrapper\">\n\t\t\t\t\t<a class=\"elementor-button elementor-button-link elementor-size-sm\" href=\"https:\/\/dons.fondationsantegatineau.ca\/SOSOUTAOUAIS\/?lng=0\" target=\"_blank\">\n\t\t\t\t\t\t<span class=\"elementor-button-content-wrapper\">\n\t\t\t\t\t\t<span class=\"elementor-button-icon\">\n\t\t\t\t<i aria-hidden=\"true\" class=\"fas fa-arrow-right\"><\/i>\t\t\t<\/span>\n\t\t\t\t\t\t\t\t\t<span class=\"elementor-button-text\">I lend my voice to the coalition :<\/span>\n\t\t\t\t\t<\/span>\n\t\t\t\t\t<\/a>\n\t\t\t\t<\/div>\n\t\t\t\t\t\t<\/div>\n\t\t\t\t<\/div>\n\t\t\t\t<div class=\"elementor-element elementor-element-4c03150 full animated-fast elementor-widget__width-auto elementor-widget-mobile__width-inherit elementor-invisible elementor-widget elementor-widget-button\" data-id=\"4c03150\" data-element_type=\"widget\" data-settings=\"{&quot;_animation&quot;:&quot;fadeIn&quot;}\" data-widget_type=\"button.default\">\n\t\t\t\t<div class=\"elementor-widget-container\">\n\t\t\t\t\t\t\t<div class=\"elementor-button-wrapper\">\n\t\t\t\t\t<a class=\"elementor-button elementor-button-link elementor-size-sm\" href=\"https:\/\/dons.fondationsantegatineau.ca\/DONSOSOUTAOUAIS\/?lng=0\" target=\"_blank\">\n\t\t\t\t\t\t<span class=\"elementor-button-content-wrapper\">\n\t\t\t\t\t\t<span class=\"elementor-button-icon\">\n\t\t\t\t<i aria-hidden=\"true\" class=\"fas fa-arrow-right\"><\/i>\t\t\t<\/span>\n\t\t\t\t\t\t\t\t\t<span class=\"elementor-button-text\">I lend my voice to the coalition and wish to make a donation :<\/span>\n\t\t\t\t\t<\/span>\n\t\t\t\t\t<\/a>\n\t\t\t\t<\/div>\n\t\t\t\t\t\t<\/div>\n\t\t\t\t<\/div>\n\t\t\t\t\t<\/div>\n\t\t<\/div>\n\t\t\t\t\t<\/div>\n\t\t<\/section>\n\t\t\t\t<\/div>\n\t\t","protected":false},"excerpt":{"rendered":"<p>Number of citizens and organizations having lent their voice : What it is: SOS Outaouais is a coalition of organizations and citizens from all sectors of the Outaouais who wish to speak with one voice, and who share deep concerns about the current state of the health and social services system. It also brings together [&hellip;]<\/p>\n","protected":false},"author":28,"featured_media":0,"parent":0,"menu_order":0,"comment_status":"closed","ping_status":"closed","template":"","meta":{"_acf_changed":false,"_seopress_robots_primary_cat":"","_seopress_titles_title":"","_seopress_titles_desc":"","_seopress_robots_index":"","footnotes":""},"class_list":["post-12081","page","type-page","status-publish","hentry"],"acf":[],"_links":{"self":[{"href":"https:\/\/fondationsanteoutaouais.ca\/en\/wp-json\/wp\/v2\/pages\/12081","targetHints":{"allow":["GET"]}}],"collection":[{"href":"https:\/\/fondationsanteoutaouais.ca\/en\/wp-json\/wp\/v2\/pages"}],"about":[{"href":"https:\/\/fondationsanteoutaouais.ca\/en\/wp-json\/wp\/v2\/types\/page"}],"author":[{"embeddable":true,"href":"https:\/\/fondationsanteoutaouais.ca\/en\/wp-json\/wp\/v2\/users\/28"}],"replies":[{"embeddable":true,"href":"https:\/\/fondationsanteoutaouais.ca\/en\/wp-json\/wp\/v2\/comments?post=12081"}],"version-history":[{"count":0,"href":"https:\/\/fondationsanteoutaouais.ca\/en\/wp-json\/wp\/v2\/pages\/12081\/revisions"}],"wp:attachment":[{"href":"https:\/\/fondationsanteoutaouais.ca\/en\/wp-json\/wp\/v2\/media?parent=12081"}],"curies":[{"name":"wp","href":"https:\/\/api.w.org\/{rel}","templated":true}]}}